{"id":1457,"date":"2024-03-30T16:21:16","date_gmt":"2024-03-30T16:21:16","guid":{"rendered":"https:\/\/jteodoro.pt\/biography-raquel-eleuterio\/"},"modified":"2025-03-30T12:21:19","modified_gmt":"2025-03-30T12:21:19","slug":"biography-raquel-eleuterio","status":"publish","type":"page","link":"https:\/\/jteodoro.pt\/en\/biography-raquel-eleuterio\/","title":{"rendered":"BIOGRAPHY &#8211; RAQUEL ELEUTERIO"},"content":{"rendered":"<p>[et_pb_section fb_built=&#8221;1&#8243; disabled_on=&#8221;off|off|off&#8221; _builder_version=&#8221;4.22.1&#8243; _module_preset=&#8221;default&#8221; background_image=&#8221;https:\/\/jteodoro.pt\/wp-content\/uploads\/2020\/09\/background_home_menu.jpg&#8221; custom_margin=&#8221;-200px||||false|false&#8221; custom_padding=&#8221;140px||140px|||&#8221; border_width_bottom=&#8221;10px&#8221; border_color_bottom=&#8221;#ff0000&#8243; locked=&#8221;off&#8221; global_colors_info=&#8221;{}&#8221;][\/et_pb_section][et_pb_section fb_built=&#8221;1&#8243; _builder_version=&#8221;4.22.1&#8243; _module_preset=&#8221;default&#8221; locked=&#8221;off&#8221; global_colors_info=&#8221;{}&#8221;][et_pb_row _builder_version=&#8221;4.22.1&#8243; _module_preset=&#8221;default&#8221; global_colors_info=&#8221;{}&#8221;][et_pb_column type=&#8221;4_4&#8243; _builder_version=&#8221;4.22.1&#8243; _module_preset=&#8221;default&#8221; global_colors_info=&#8221;{}&#8221;][et_pb_text _builder_version=&#8221;4.22.1&#8243; _module_preset=&#8221;default&#8221; text_font=&#8221;Lato|900|||||||&#8221; text_font_size=&#8221;40px&#8221; global_colors_info=&#8221;{}&#8221;]<\/p>\n<p><span>Raquel Eleut\u00e9rio<\/span><\/p>\n<p>[\/et_pb_text][et_pb_text _builder_version=&#8221;4.22.1&#8243; _module_preset=&#8221;default&#8221; text_font=&#8221;Lato||||||||&#8221; text_font_size=&#8221;30px&#8221; global_colors_info=&#8221;{}&#8221;]<\/p>\n<p>Lawyer<\/p>\n<p>[\/et_pb_text][\/et_pb_column][\/et_pb_row][et_pb_row column_structure=&#8221;2_5,3_5&#8243; _builder_version=&#8221;4.22.1&#8243; _module_preset=&#8221;default&#8221; global_colors_info=&#8221;{}&#8221;][et_pb_column type=&#8221;2_5&#8243; _builder_version=&#8221;4.22.1&#8243; _module_preset=&#8221;default&#8221; global_colors_info=&#8221;{}&#8221;][et_pb_image src=&#8221;https:\/\/jteodoro.pt\/wp-content\/uploads\/2024\/12\/9fc06568-620c-4d04-85a8-7d7d9c7c3322.jpg&#8221; title_text=&#8221;9fc06568-620c-4d04-85a8-7d7d9c7c3322&#8243; _builder_version=&#8221;4.22.1&#8243; _module_preset=&#8221;default&#8221; width=&#8221;100%&#8221; module_alignment=&#8221;center&#8221; global_colors_info=&#8221;{}&#8221;][\/et_pb_image][\/et_pb_column][et_pb_column type=&#8221;3_5&#8243; _builder_version=&#8221;4.22.1&#8243; _module_preset=&#8221;default&#8221; global_colors_info=&#8221;{}&#8221;][et_pb_blurb title=&#8221;Introduction&#8221; _builder_version=&#8221;4.22.1&#8243; _module_preset=&#8221;default&#8221; header_level=&#8221;h3&#8243; header_font=&#8221;Lato|700|||||||&#8221; body_font=&#8221;Lato||||||||&#8221; body_font_size=&#8221;16px&#8221; custom_padding=&#8221;0px||||false|false&#8221; global_colors_info=&#8221;{}&#8221;]<\/p>\n<p style=\"text-align: justify;\">Raquel Eleut\u00e9rio is a trainee lawyer at JT Lawyers, where she began her internship in July 2023. Since then, he has been enriching his professional experience in various areas of law, such as real estate law and <span>family and inheritance law<\/span>. Her diverse background and passion for the law allows her to approach legal challenges with a broad and innovative perspective, being recognized for her rigor, ethics and professionalism.<\/p>\n<p>[\/et_pb_blurb][et_pb_blurb title=&#8221;Main Areas of Intervention&#8221; _builder_version=&#8221;4.22.1&#8243; _module_preset=&#8221;default&#8221; header_level=&#8221;h3&#8243; header_font=&#8221;Lato|700|||||||&#8221; header_text_color=&#8221;#000000&#8243; body_font=&#8221;Lato||||||||&#8221; body_font_size=&#8221;16px&#8221; custom_padding=&#8221;0px||||false|false&#8221; global_colors_info=&#8221;{}&#8221;]<\/p>\n<p><span>Family and Succession Law | Real Estate Law | Contracts | Private International Law<\/span><\/p>\n<p>[\/et_pb_blurb][et_pb_blurb title=&#8221;Institutional Affiliation&#8221; _builder_version=&#8221;4.22.1&#8243; _module_preset=&#8221;default&#8221; header_level=&#8221;h3&#8243; header_font=&#8221;Lato|700|||||||&#8221; body_font=&#8221;Lato||||||||&#8221; body_font_size=&#8221;16px&#8221; custom_padding=&#8221;0px||||false|false&#8221; global_colors_info=&#8221;{}&#8221;]<\/p>\n<p style=\"text-align: justify;\">Raquel Eleut\u00e9rio has been a member of the Portuguese Bar Association since January 2025.<\/p>\n<p>[\/et_pb_blurb][et_pb_blurb title=&#8221;Academic Qualifications&#8221; _builder_version=&#8221;4.22.1&#8243; _module_preset=&#8221;default&#8221; header_level=&#8221;h3&#8243; header_font=&#8221;Lato|700|||||||&#8221; body_font=&#8221;Lato||||||||&#8221; body_font_size=&#8221;16px&#8221; custom_margin=&#8221;||0px||false|false&#8221; custom_padding=&#8221;0px||||false|false&#8221; global_colors_info=&#8221;{}&#8221;]<\/p>\n<ul>\n<li style=\"text-align: justify;\">Law degree from Universidade Portucalense do Infante D. Henrique, in 2023.<\/li>\n<li style=\"text-align: justify;\">Master&#8217;s degree in Business Solicitorship from Instituto Polit\u00e9cnico do Cavado e do Ave, in 2022.<\/li>\n<li style=\"text-align: justify;\">Degree in Solicitorship from Instituto Polit\u00e9cnico do Porto (ESG), in 2018.<\/li>\n<\/ul>\n<p>[\/et_pb_blurb][et_pb_blurb title=&#8221;Languages&#8221; _builder_version=&#8221;4.22.1&#8243; _module_preset=&#8221;default&#8221; header_level=&#8221;h3&#8243; header_font=&#8221;Lato|700|||||||&#8221; body_font=&#8221;Lato||||||||&#8221; body_font_size=&#8221;16px&#8221; custom_margin=&#8221;||0px||false|false&#8221; custom_padding=&#8221;0px||||false|false&#8221; global_colors_info=&#8221;{}&#8221;]<\/p>\n<p>English | Portuguese<\/p>\n<p>[\/et_pb_blurb][\/et_pb_column][\/et_pb_row][et_pb_row _builder_version=&#8221;4.22.1&#8243; _module_preset=&#8221;default&#8221; locked=&#8221;off&#8221; global_colors_info=&#8221;{}&#8221;][et_pb_column type=&#8221;4_4&#8243; _builder_version=&#8221;4.22.1&#8243; _module_preset=&#8221;default&#8221; global_colors_info=&#8221;{}&#8221;][et_pb_text _builder_version=&#8221;4.22.1&#8243; _module_preset=&#8221;default&#8221; text_font=&#8221;Lato|700|||||||&#8221; text_text_color=&#8221;#E02B20&#8243; text_font_size=&#8221;16px&#8221; link_option_url=&#8221;https:\/\/jteodoro.pt\/en\/team\/&#8221; global_colors_info=&#8221;{}&#8221;]<\/p>\n<p>\u2190 TEAM<\/p>\n<p>[\/et_pb_text][\/et_pb_column][\/et_pb_row][\/et_pb_section]<\/p>\n","protected":false},"excerpt":{"rendered":"<p>Raquel Eleut\u00e9rioLawyerRaquel Eleut\u00e9rio is a trainee lawyer at JT Lawyers, where she began her internship in July 2023. Since then, he has been enriching his professional experience in various areas of law, such as real estate law and family and inheritance law. Her diverse background and passion for the law allows her to approach legal [&hellip;]<\/p>\n","protected":false},"author":4,"featured_media":0,"parent":0,"menu_order":0,"comment_status":"closed","ping_status":"closed","template":"","meta":{"_et_pb_use_builder":"on","_et_pb_old_content":"","_et_gb_content_width":"","footnotes":""},"class_list":["post-1457","page","type-page","status-publish","hentry"],"yoast_head":"<!-- This site is optimized with the Yoast SEO plugin v27.2 - https:\/\/yoast.com\/product\/yoast-seo-wordpress\/ -->\n<title>Biography - Raquel Eleuterio<\/title>\n<meta name=\"description\" content=\"Biography - Raquel Eleut\u00e9rio. Advogada estagi\u00e1ria que se destaca por proporcionar apoio jur\u00eddico com \u00e9tica e dedica\u00e7\u00e3o.\" \/>\n<meta name=\"robots\" content=\"index, follow, max-snippet:-1, max-image-preview:large, max-video-preview:-1\" \/>\n<link rel=\"canonical\" href=\"https:\/\/jteodoro.pt\/biografia-raquel-eleuterio\/\" \/>\n<meta property=\"og:locale\" content=\"en_US\" \/>\n<meta property=\"og:type\" content=\"article\" \/>\n<meta property=\"og:title\" content=\"Biography - Raquel Eleuterio\" \/>\n<meta property=\"og:description\" content=\"Biography - Raquel Eleut\u00e9rio. Advogada estagi\u00e1ria que se destaca por proporcionar apoio jur\u00eddico com \u00e9tica e dedica\u00e7\u00e3o.\" \/>\n<meta property=\"og:url\" content=\"https:\/\/jteodoro.pt\/biografia-raquel-eleuterio\/\" \/>\n<meta property=\"og:site_name\" content=\"Judith Teodoro\" \/>\n<meta property=\"article:publisher\" content=\"https:\/\/www.facebook.com\/judite.monteiro.54\" \/>\n<meta property=\"article:modified_time\" content=\"2025-03-30T12:21:19+00:00\" \/>\n<meta name=\"twitter:card\" content=\"summary_large_image\" \/>\n<meta name=\"twitter:label1\" content=\"Est. reading time\" \/>\n\t<meta name=\"twitter:data1\" content=\"3 minutes\" \/>\n<script type=\"application\/ld+json\" class=\"yoast-schema-graph\">{\"@context\":\"https:\/\/schema.org\",\"@graph\":[{\"@type\":\"WebPage\",\"@id\":\"https:\/\/jteodoro.pt\/biografia-raquel-eleuterio\/\",\"url\":\"https:\/\/jteodoro.pt\/biografia-raquel-eleuterio\/\",\"name\":\"Biography - Raquel Eleuterio\",\"isPartOf\":{\"@id\":\"https:\/\/jteodoro.pt\/#website\"},\"datePublished\":\"2024-03-30T16:21:16+00:00\",\"dateModified\":\"2025-03-30T12:21:19+00:00\",\"description\":\"Biography - Raquel Eleut\u00e9rio. Advogada estagi\u00e1ria que se destaca por proporcionar apoio jur\u00eddico com \u00e9tica e dedica\u00e7\u00e3o.\",\"breadcrumb\":{\"@id\":\"https:\/\/jteodoro.pt\/biografia-raquel-eleuterio\/#breadcrumb\"},\"inLanguage\":\"en-US\",\"potentialAction\":[{\"@type\":\"ReadAction\",\"target\":[\"https:\/\/jteodoro.pt\/biografia-raquel-eleuterio\/\"]}]},{\"@type\":\"BreadcrumbList\",\"@id\":\"https:\/\/jteodoro.pt\/biografia-raquel-eleuterio\/#breadcrumb\",\"itemListElement\":[{\"@type\":\"ListItem\",\"position\":1,\"name\":\"In\u00edcio\",\"item\":\"https:\/\/jteodoro.pt\/en\/home-page\/\"},{\"@type\":\"ListItem\",\"position\":2,\"name\":\"BIOGRAPHY &#8211; RAQUEL ELEUTERIO\"}]},{\"@type\":\"WebSite\",\"@id\":\"https:\/\/jteodoro.pt\/#website\",\"url\":\"https:\/\/jteodoro.pt\/\",\"name\":\"Judith Teodoro\",\"description\":\"Advogados\",\"publisher\":{\"@id\":\"https:\/\/jteodoro.pt\/#organization\"},\"potentialAction\":[{\"@type\":\"SearchAction\",\"target\":{\"@type\":\"EntryPoint\",\"urlTemplate\":\"https:\/\/jteodoro.pt\/?s={search_term_string}\"},\"query-input\":{\"@type\":\"PropertyValueSpecification\",\"valueRequired\":true,\"valueName\":\"search_term_string\"}}],\"inLanguage\":\"en-US\"},{\"@type\":\"Organization\",\"@id\":\"https:\/\/jteodoro.pt\/#organization\",\"name\":\"Judith Teodoro Advogados\",\"url\":\"https:\/\/jteodoro.pt\/\",\"logo\":{\"@type\":\"ImageObject\",\"inLanguage\":\"en-US\",\"@id\":\"https:\/\/jteodoro.pt\/#\/schema\/logo\/image\/\",\"url\":\"https:\/\/jteodoro.pt\/wp-content\/uploads\/2020\/09\/logotipo.png\",\"contentUrl\":\"https:\/\/jteodoro.pt\/wp-content\/uploads\/2020\/09\/logotipo.png\",\"width\":451,\"height\":91,\"caption\":\"Judith Teodoro Advogados\"},\"image\":{\"@id\":\"https:\/\/jteodoro.pt\/#\/schema\/logo\/image\/\"},\"sameAs\":[\"https:\/\/www.facebook.com\/judite.monteiro.54\",\"https:\/\/www.linkedin.com\/in\/judith-teodoro-bb501055\/\"]}]}<\/script>\n<!-- \/ Yoast SEO plugin. -->","yoast_head_json":{"title":"Biography - Raquel Eleuterio","description":"Biography - Raquel Eleut\u00e9rio. Advogada estagi\u00e1ria que se destaca por proporcionar apoio jur\u00eddico com \u00e9tica e dedica\u00e7\u00e3o.","robots":{"index":"index","follow":"follow","max-snippet":"max-snippet:-1","max-image-preview":"max-image-preview:large","max-video-preview":"max-video-preview:-1"},"canonical":"https:\/\/jteodoro.pt\/biografia-raquel-eleuterio\/","og_locale":"en_US","og_type":"article","og_title":"Biography - Raquel Eleuterio","og_description":"Biography - Raquel Eleut\u00e9rio. Advogada estagi\u00e1ria que se destaca por proporcionar apoio jur\u00eddico com \u00e9tica e dedica\u00e7\u00e3o.","og_url":"https:\/\/jteodoro.pt\/biografia-raquel-eleuterio\/","og_site_name":"Judith Teodoro","article_publisher":"https:\/\/www.facebook.com\/judite.monteiro.54","article_modified_time":"2025-03-30T12:21:19+00:00","twitter_card":"summary_large_image","twitter_misc":{"Est. reading time":"3 minutes"},"schema":{"@context":"https:\/\/schema.org","@graph":[{"@type":"WebPage","@id":"https:\/\/jteodoro.pt\/biografia-raquel-eleuterio\/","url":"https:\/\/jteodoro.pt\/biografia-raquel-eleuterio\/","name":"Biography - Raquel Eleuterio","isPartOf":{"@id":"https:\/\/jteodoro.pt\/#website"},"datePublished":"2024-03-30T16:21:16+00:00","dateModified":"2025-03-30T12:21:19+00:00","description":"Biography - Raquel Eleut\u00e9rio. Advogada estagi\u00e1ria que se destaca por proporcionar apoio jur\u00eddico com \u00e9tica e dedica\u00e7\u00e3o.","breadcrumb":{"@id":"https:\/\/jteodoro.pt\/biografia-raquel-eleuterio\/#breadcrumb"},"inLanguage":"en-US","potentialAction":[{"@type":"ReadAction","target":["https:\/\/jteodoro.pt\/biografia-raquel-eleuterio\/"]}]},{"@type":"BreadcrumbList","@id":"https:\/\/jteodoro.pt\/biografia-raquel-eleuterio\/#breadcrumb","itemListElement":[{"@type":"ListItem","position":1,"name":"In\u00edcio","item":"https:\/\/jteodoro.pt\/en\/home-page\/"},{"@type":"ListItem","position":2,"name":"BIOGRAPHY &#8211; RAQUEL ELEUTERIO"}]},{"@type":"WebSite","@id":"https:\/\/jteodoro.pt\/#website","url":"https:\/\/jteodoro.pt\/","name":"Judith Teodoro","description":"Advogados","publisher":{"@id":"https:\/\/jteodoro.pt\/#organization"},"potentialAction":[{"@type":"SearchAction","target":{"@type":"EntryPoint","urlTemplate":"https:\/\/jteodoro.pt\/?s={search_term_string}"},"query-input":{"@type":"PropertyValueSpecification","valueRequired":true,"valueName":"search_term_string"}}],"inLanguage":"en-US"},{"@type":"Organization","@id":"https:\/\/jteodoro.pt\/#organization","name":"Judith Teodoro Advogados","url":"https:\/\/jteodoro.pt\/","logo":{"@type":"ImageObject","inLanguage":"en-US","@id":"https:\/\/jteodoro.pt\/#\/schema\/logo\/image\/","url":"https:\/\/jteodoro.pt\/wp-content\/uploads\/2020\/09\/logotipo.png","contentUrl":"https:\/\/jteodoro.pt\/wp-content\/uploads\/2020\/09\/logotipo.png","width":451,"height":91,"caption":"Judith Teodoro Advogados"},"image":{"@id":"https:\/\/jteodoro.pt\/#\/schema\/logo\/image\/"},"sameAs":["https:\/\/www.facebook.com\/judite.monteiro.54","https:\/\/www.linkedin.com\/in\/judith-teodoro-bb501055\/"]}]}},"_links":{"self":[{"href":"https:\/\/jteodoro.pt\/en\/wp-json\/wp\/v2\/pages\/1457","targetHints":{"allow":["GET"]}}],"collection":[{"href":"https:\/\/jteodoro.pt\/en\/wp-json\/wp\/v2\/pages"}],"about":[{"href":"https:\/\/jteodoro.pt\/en\/wp-json\/wp\/v2\/types\/page"}],"author":[{"embeddable":true,"href":"https:\/\/jteodoro.pt\/en\/wp-json\/wp\/v2\/users\/4"}],"replies":[{"embeddable":true,"href":"https:\/\/jteodoro.pt\/en\/wp-json\/wp\/v2\/comments?post=1457"}],"version-history":[{"count":53,"href":"https:\/\/jteodoro.pt\/en\/wp-json\/wp\/v2\/pages\/1457\/revisions"}],"predecessor-version":[{"id":2100,"href":"https:\/\/jteodoro.pt\/en\/wp-json\/wp\/v2\/pages\/1457\/revisions\/2100"}],"wp:attachment":[{"href":"https:\/\/jteodoro.pt\/en\/wp-json\/wp\/v2\/media?parent=1457"}],"curies":[{"name":"wp","href":"https:\/\/api.w.org\/{rel}","templated":true}]}}